{"id":501,"date":"2019-09-28T16:06:22","date_gmt":"2019-09-28T14:06:22","guid":{"rendered":"https:\/\/vulpitest.site\/?page_id=501"},"modified":"2020-02-11T19:41:25","modified_gmt":"2020-02-11T18:41:25","slug":"contact-infos-pratiques","status":"publish","type":"page","link":"https:\/\/le-point-de-capiton.net\/index.php\/contact-infos-pratiques\/","title":{"rendered":"Contact &#038; Infos pratiques"},"content":{"rendered":"\n<div class=\"wp-block-columns has-3-columns is-layout-flex wp-container-core-columns-is-layout-9d6595d7 wp-block-columns-is-layout-flex\">\n<div class=\"wp-block-column is-layout-flow wp-block-column-is-layout-flow\">\n<div class=\"wp-block-button aligncenter is-style-outline is-style-outline--1\"><a class=\"wp-block-button__link has-text-color has-background has-very-light-gray-background-color\" href=\"https:\/\/le-point-de-capiton.net\/wp-content\/uploads\/2019\/10\/formulaire-.pdf\" style=\"color:#d45500\" target=\"_blank\" rel=\"noreferrer noopener\">Bulletin d\u2019adh\u00e9sion<\/a><\/div>\n<\/div>\n\n\n\n<div class=\"wp-block-column is-layout-flow wp-block-column-is-layout-flow\">\n<div class=\"wp-block-button aligncenter\"><a class=\"wp-block-button__link has-background\" href=\"mailto:lepointdecapiton84@gmail.com \" style=\"background-color:#d45500\">Envoyer un email<\/a><\/div>\n<\/div>\n\n\n\n<div class=\"wp-block-column is-layout-flow wp-block-column-is-layout-flow\">\n<div class=\"wp-block-button aligncenter is-style-outline is-style-outline--2\"><a class=\"wp-block-button__link has-text-color has-background has-very-light-gray-background-color\" href=\"https:\/\/le-point-de-capiton.net\/wp-content\/uploads\/2020\/02\/CommandeFINAL.onf_.pdf\" style=\"color:#d45500\" target=\"_blank\" rel=\"noreferrer noopener\">Acheter des Actes<\/a><\/div>\n<\/div>\n<\/div>\n\n\n\n<p><strong>Le\nPOINT DE CAPITON <\/strong><strong>s\u2019<\/strong><strong>adresse\naux psychanalystes, mais aussi aux praticiens d&rsquo;autres disciplines,\n<\/strong>domaine de l&rsquo;art, de\nla philosophie, des sciences, de l&rsquo;\u00e9ducation, de la clinique\nm\u00e9dicale, ou tout autre domaine dans lequel il est n\u00e9cessaire que\nle d\u00e9sir de savoir ne s&rsquo;efface pas devant les savoirs dogmatiques.\nIl concerne toute personne que la dimension psychique interpelle. \n<\/p>\n\n\n\n<p>C&rsquo;est\nen effet l&rsquo;entrecroisement de sillons diff\u00e9rents qui peut seul faire\nbarre \u00e0 l&rsquo;illusion d&rsquo;un savoir totalisant, dont la fonction est\ntoujours d&rsquo;exclure le Sujet.<\/p>\n\n\n\n<p><strong>Le\nPOINT DE CAPITON, s&rsquo;il est lieu d&rsquo;enseignement, l&rsquo;est donc d&rsquo;abord au\ntitre de la recherche.<\/strong><\/p>\n\n\n\n<p> Notre\nintention est double :     \n<\/p>\n\n\n\n<p>       <strong>\u00catre\nun lieu possible d&rsquo;\u00e9changes pour toute personne qui, interpell\u00e9e\npar l\u2019exp\u00e9rience de l&rsquo;inconscient en quoi consiste une\npsychanalyse, souhaite mettre son d\u00e9sir de savoir \u00e0 l&rsquo;\u00e9preuve de\nla r\u00e9flexion avec d&rsquo;autres n&rsquo;ayant pas le m\u00eame parcours .<\/strong><\/p>\n\n\n\n<p>       <strong>Permettre\nque le produit d&rsquo;un travail &#8211; toujours singulier, soutenu par la\nr\u00e9flexion avec plusieurs- puisse \u00eatre pr\u00e9sent\u00e9 comme\nquestionnement vivace lors des rencontres publiques du POINT DE\nCAPITON.<\/strong><\/p>\n\n\n\n<p><strong>Les\nrencontres publiques sont destin\u00e9es \u00e0 susciter le d\u00e9sir de chacun\nde se risquer \u00e0 exposer une question vivace, <\/strong><strong>et\nd\u2019envisager le lien de la psychanalyse avec la Cit\u00e9. <\/strong>\n<\/p>\n\n\n\n<p>Elles ont pour autre fonction de faire conna\u00eetre<strong> des auteurs et leurs ouvrages.<\/strong><\/p>\n\n\n\n<p>\n<strong>Le travail men\u00e9 avec le\ncin\u00e9ma Utopia-Avignon nous permettent \u00e9galement depuis plus de cinq\nans, d\u2019interroger l\u2019image, l\u2019\u00e9criture cin\u00e9matographique et\nleur impact dans l\u2019imaginaire contemporain. <\/strong>\n<\/p>\n\n\n\n<p><strong>Le\nPoint de Capiton a besoin du soutien de ses adh\u00e9rents pour\npoursuivre ses travaux. Il ne demande ni ne re\u00e7oit aucune subvention\nmais souhaite \u00e9tablir des partenariats qui rassemblent des d\u00e9sirs\nde rencontre et de cr\u00e9ation.<\/strong><\/p>\n\n\n\n<p>L&rsquo;adh\u00e9sion\nau POINT DE CAPITON permet la participation \u00e0 l&rsquo;assembl\u00e9e g\u00e9n\u00e9rale\nde l\u2019association, au cours de laquelle les orientations et th\u00e8mes\nd&rsquo;\u00e9tude pour l&rsquo;ann\u00e9e \u00e0 venir sont d\u00e9finis.<\/p>\n\n\n\n<p>Les personnes d\u00e9sireuses d&rsquo;\u00eatre simplement inform\u00e9es des manifestations publiques peuvent demander \u00e0 recevoir le courrier en nous adressant leur adresse mail.<\/p>\n\n\n\n<div class=\"wp-block-button aligncenter\"><a class=\"wp-block-button__link has-background\" href=\"mailto:lepointdecapiton84@gmail.com \" style=\"background-color:#d45500\">Envoyer un email<\/a><\/div>\n\n\n\n<p>                    \n     <strong>Le CA du Point de\nCapiton.<\/strong><\/p>\n\n\n\n<div class=\"wp-block-media-text alignwide has-media-on-the-right\" style=\"grid-template-columns:auto 28%\"><figure class=\"wp-block-media-text__media\"><img loading=\"lazy\" decoding=\"async\" width=\"841\" height=\"806\" src=\"https:\/\/le-point-de-capiton.net\/wp-content\/uploads\/2019\/09\/logocapitonbord.png\" alt=\"\" class=\"wp-image-27\" srcset=\"https:\/\/le-point-de-capiton.net\/wp-content\/uploads\/2019\/09\/logocapitonbord.png 841w, https:\/\/le-point-de-capiton.net\/wp-content\/uploads\/2019\/09\/logocapitonbord-300x288.png 300w, https:\/\/le-point-de-capiton.net\/wp-content\/uploads\/2019\/09\/logocapitonbord-768x736.png 768w\" sizes=\"auto, (max-width: 841px) 100vw, 841px\" \/><\/figure><div class=\"wp-block-media-text__content\">\n<p class=\"adresse\"><strong>Simone Molina <\/strong><\/p>\n\n\n\n<p class=\"adresse\">1632 Hameau de la parisienne <\/p>\n\n\n\n<p class=\"adresse\">84740 Velleron<\/p>\n<\/div><\/div>\n","protected":false},"excerpt":{"rendered":"<p>Le POINT DE CAPITON s\u2019adresse aux psychanalystes, mais aussi aux praticiens d&rsquo;autres disciplines, domaine de l&rsquo;art, de la philosophie, des sciences, de l&rsquo;\u00e9ducation, de la clinique m\u00e9dicale, ou tout autre &#8230;<\/p>\n","protected":false},"author":1,"featured_media":0,"parent":0,"menu_order":0,"comment_status":"closed","ping_status":"closed","template":"","meta":{"footnotes":""},"class_list":["post-501","page","type-page","status-publish","hentry"],"_links":{"self":[{"href":"https:\/\/le-point-de-capiton.net\/index.php\/wp-json\/wp\/v2\/pages\/501","targetHints":{"allow":["GET"]}}],"collection":[{"href":"https:\/\/le-point-de-capiton.net\/index.php\/wp-json\/wp\/v2\/pages"}],"about":[{"href":"https:\/\/le-point-de-capiton.net\/index.php\/wp-json\/wp\/v2\/types\/page"}],"author":[{"embeddable":true,"href":"https:\/\/le-point-de-capiton.net\/index.php\/wp-json\/wp\/v2\/users\/1"}],"replies":[{"embeddable":true,"href":"https:\/\/le-point-de-capiton.net\/index.php\/wp-json\/wp\/v2\/comments?post=501"}],"version-history":[{"count":11,"href":"https:\/\/le-point-de-capiton.net\/index.php\/wp-json\/wp\/v2\/pages\/501\/revisions"}],"predecessor-version":[{"id":1605,"href":"https:\/\/le-point-de-capiton.net\/index.php\/wp-json\/wp\/v2\/pages\/501\/revisions\/1605"}],"wp:attachment":[{"href":"https:\/\/le-point-de-capiton.net\/index.php\/wp-json\/wp\/v2\/media?parent=501"}],"curies":[{"name":"wp","href":"https:\/\/api.w.org\/{rel}","templated":true}]}}